{"id":2,"date":"2009-11-28T19:27:20","date_gmt":"2009-11-28T18:27:20","guid":{"rendered":"http:\/\/www.activeprod.org\/parlcreuse\/?page_id=2"},"modified":"2014-04-09T15:24:23","modified_gmt":"2014-04-09T14:24:23","slug":"qui-suis-je","status":"publish","type":"page","link":"https:\/\/www.reneenicoux.fr\/?page_id=2","title":{"rendered":"Qui suis-je ?"},"content":{"rendered":"<p><strong>Ren\u00e9e NICOUX<\/strong><\/p>\n<ul>\n<li>n\u00e9e le 26 mars 1951<\/li>\n<li>mari\u00e9e,<\/li>\n<li>trois enfants<\/li>\n<li>six petits enfants<\/li>\n<\/ul>\n<p><strong>S\u00e9nateur de Creuse<\/strong><\/p>\n<ul>\n<li><strong><em>Vice-pr\u00e9sidente de la commission des affaires \u00e9conomiques <\/em><\/strong>,<\/li>\n<li>Rapporteur sur le budget de l&rsquo;agriculture,<\/li>\n<li>Membre de la\u00a0d\u00e9l\u00e9gation s\u00e9natoriale\u00a0aux collectivit\u00e9s territoires et \u00e0 la d\u00e9centralisation<\/li>\n<li>Membre de la d\u00e9l\u00e9gation \u00e0 la prospective<\/li>\n<li>Pr\u00e9sidente du <a href=\"http:\/\/www.senat.fr\/groupe-etude\/etu_919.html\" target=\"_blank\">groupe d&rsquo;\u00e9tudes sur l&rsquo;\u00e9conomie agricole et alimentaire<\/a><\/li>\n<li>Membre du <a href=\"http:\/\/www.senat.fr\/grpetu\/etu_911.html\" target=\"_blank\">groupe d\u2019\u00e9tudes de l\u2019\u00e9levage <\/a>,\u00a0du <a href=\"http:\/\/www.senat.fr\/grpetu\/etu_948.html\" target=\"_self\">groupe d\u2019\u00e9tudes For\u00eat et fili\u00e8re bois <\/a>,\u00a0du <a href=\"http:\/\/www.senat.fr\/grpetu\/etu_918.html\" target=\"_self\">groupe d\u2019\u00e9tudes sur le d\u00e9veloppement \u00e9conomique de la montagne <\/a>,\u00a0du <a href=\"http:\/\/www.senat.fr\/grpetu\/etu_910.html\" target=\"_self\">groupe d\u2019\u00e9tudes du tourisme et des loisirs<\/a><\/li>\n<\/ul>\n<h3><span class=\"Apple-style-span\" style=\"color: #0000ff;\">Edito :<\/span><\/h3>\n<p>C\u2019est s\u00fbrement dans le combat quotidien de mes parents, agriculteurs du sud creusois, class\u00e9 en zone de montagne, et dans leur engagement dans les mouvements coop\u00e9ratifs et mutualistes mais aussi la gestion locale que j\u2019ai acquis le go\u00fbt de l\u2019engagement pour la chose publique et la d\u00e9fense des plus d\u00e9munis. C\u2019est au cours de mes ann\u00e9es universitaires que mon engagement \u00e0 gauche a pris forme pour se concr\u00e9tiser et se confirmer avec mon retour en Creuse en 1979.<\/p>\n<p>Anim\u00e9e d\u2019une forte volont\u00e9 de dialogue avec la population, je me suis engag\u00e9e sur le plan local dans une pratique soutenue de la d\u00e9mocratie participative, impliquant les habitants dans la d\u00e9finition des projets communaux. Je souhaite instaurer une \u00e9troite communication avec les Creusois et tout particuli\u00e8rement les \u00e9lus de nos 260 communes, de mani\u00e8re \u00e0 \u00eatre \u00e0 l\u2019\u00e9coute de tous et construire des modes d\u2019actions qui nous permettront d\u2019avancer ensemble.<\/p>\n<p>Je n\u2019ai d\u2019autres objectifs que celui de servir l\u2019int\u00e9r\u00eat g\u00e9n\u00e9ral et mettre mon exp\u00e9rience, mes comp\u00e9tences et ma d\u00e9termination au service des Creusoises et des Creusois.<\/p>\n<h3><span style=\"color: #0000ff;\">Parcours :<\/span><\/h3>\n<p>&#8211; Formation en Licence et Ma\u00eetrise d\u2019anglais \u00e0 l\u2019Universit\u00e9 Paris VIII Vincennes<\/p>\n<p>&#8211; Apr\u00e8s l\u2019obtention du dipl\u00f4me de biblioth\u00e9caire, recrut\u00e9e \u00e0 la Biblioth\u00e8que Centrale de Pr\u00eats de Gu\u00e9ret (23)<\/p>\n<p>&#8211; Professeur certifi\u00e9e d\u2019anglais, exerce dans diff\u00e9rents \u00e9tablissements creusois : Bourganeuf, Gu\u00e9ret (lyc\u00e9es Jean Favard et Pierre Bourdan), et Felletin (Lyc\u00e9e des M\u00e9tiers du B\u00e2timent)<\/p>\n<p>&#8211; Re\u00e7ue au concours de Personnel de direction en 2000, devient proviseur-adjoint au Lyc\u00e9e Pierre Bourdan de Gu\u00e9ret.<\/p>\n<h3><span style=\"color: #0000ff;\">Mandats :<\/span><\/h3>\n<p>Apr\u00e8s une implication de longue date dans le milieu associatif (associations de parents d\u2019\u00e9l\u00e8ves, associations sportives et culturelles) et un engagement politique continu tant au niveau communal que d\u00e9partemental, je suis devenue :<\/p>\n<p><strong>Conseill\u00e8re r\u00e9gionale du Limousin<\/strong>, sous la pr\u00e9sidence de Jean Paul DENANOT, (2004-2010)<\/p>\n<ul>\n<li>Pr\u00e9sidente du Syndicat mixte interd\u00e9partemental et r\u00e9gional de Vassivi\u00e8re (SYMIVA) de mai 2004 \u00e0 mai 2008<\/li>\n<li>Vice-pr\u00e9sidente du Conseil r\u00e9gional du Limousin, en charge des sch\u00e9mas r\u00e9gionaux de 2008 \u00e0 2010<\/li>\n<\/ul>\n<p><strong>Maire de Felletin, Creuse<\/strong> (mars 2008 \u00e0 mars 2014) @ <a href=\"http:\/\/www.felletin.fr\/\" target=\"_blank\">www.felletin.fr<\/a><\/p>\n<p><strong>Vice-pr\u00e9sidente de la Communaut\u00e9 de Communes Aubusson-Felletin<\/strong> en charge de l\u2019\u00e9conomie, de l\u2019accueil et du tourisme jusqu\u2019\u00e0 fin 2009<strong> <\/strong><\/p>\n<p><strong>Pr\u00e9sidente du Pays Sud Creusois <\/strong>(mai 2008)<\/p>\n<p><strong>S\u00e9nateur<\/strong> <strong>de la Creuse<\/strong> (septembre 2009, apr\u00e8s le d\u00e9c\u00e8s d\u2019Andr\u00e9 Lejeune)<\/p>\n<h3><span style=\"color: #0000ff;\">D\u00e9marche :<\/span><\/h3>\n<p>Ayant oeuvr\u00e9 au sein de plusieurs associations \u00e0 but culturel et patrimonial, et apr\u00e8s avoir assum\u00e9 diverses fonctions locales , je suis naturellement port\u00e9e \u00e0 m\u2019int\u00e9resser au patrimoine de mon territoire. Ce patrimoine est r\u00e9el mais sous-exploit\u00e9, pour ne pas dire m\u00e9connu de nos concitoyens. Ce bien commun que nous ont l\u00e9gu\u00e9 nos anc\u00eatres ma\u00e7ons doit \u00eatre pr\u00e9serv\u00e9, mis en valeur et servir de base \u00e0 une v\u00e9ritable promotion du territoire. Soyons fiers de ce leg du pass\u00e9.<\/p>\n<p>Je pense qu\u2019un aspect central de ma contribution en direction de la population creusoise est de mettre en valeur le territoire en d\u00e9veloppant l\u2019\u00e9conomie locale bas\u00e9e essentiellement sur l\u2019agriculture et l\u2019\u00e9levage et en s\u2019appuyant notamment sur les activit\u00e9s li\u00e9es au tourisme.<\/p>\n<p>L\u2019objectif est bien de redynamiser la Creuse, pour la rendre plus attractive pour les autres mais aussi pour ceux qui y r\u00e9sident. C\u2019est pourquoi, je plaide pour des services de proximit\u00e9 en concertation avec les populations pour un meilleur dialogue social.<\/p>\n<p>Ma volont\u00e9 est de travailler \u00e0 la mise en place ou au maintien de services au plus proche des populations pour une meilleure prise en compte de l\u2019int\u00e9r\u00eat de tous. Pour ces raisons, je pousse \u00e0 ce que le d\u00e9veloppement et le renforcement de l\u2019attractivit\u00e9 de la Creuse ne se fasse pas au d\u00e9pend des g\u00e9n\u00e9rations futures. L\u2019objectif est de parvenir \u00e0 un d\u00e9veloppement \u00e9conomique durable avec une mise en valeur des sp\u00e9cificit\u00e9s locales avec notamment le d\u00e9veloppement de circuits courts ou la production d\u2019\u00e9nergies renouvelables comme par exemple l\u2019\u00e9nergie issue de la biomasse utilisant les d\u00e9chets de scieries ou plaquettes foresti\u00e8res.<\/p>\n<h3><a href=\"https:\/\/www.reneenicoux.fr\/?page_id=436\"><span style=\"color: #0000ff;\">La Creuse :<\/span><\/a><\/h3>\n<p>La Creuse est un territoire rural historique.<\/p>\n<p>L\u2019histoire est ce qui marque le plus la personnalit\u00e9 de ce pays creusois. \u00c0 travers la migration des ma\u00e7ons de la Creuse et plus g\u00e9n\u00e9ralement de ses forces vives, elle a contribu\u00e9 \u00e0 construire la France historique.<\/p>\n<p>Aujourd\u2019hui d\u00e9partement le plus \u00e2g\u00e9 de France, confront\u00e9 \u00e0 des probl\u00e8mes de d\u00e9sertification, la Creuse n\u2019en demeure pas moins un territoire attractif gr\u00e2ce \u00e0 son environnement pr\u00e9serv\u00e9 et un patrimoine b\u00e2ti de qualit\u00e9 . Territoire rural, pour moiti\u00e9 class\u00e9 en zone de montagne, la situation g\u00e9ographique de ce d\u00e9partement a conduit ses habitants \u00e0 migrer. Durant plusieurs si\u00e8cles, la Creuse a \u00e9t\u00e9 terre d\u2019\u00e9migration et est connue pour ses fameux \u00ab ma\u00e7ons \u00bb, un terme g\u00e9n\u00e9rique qui englobe aussi charpentiers, terrassiers, peintres en b\u00e2timent ou encore paveurs, qui ont contribu\u00e9 \u00e0 la construction des grandes m\u00e9tropoles fran\u00e7aises comme Paris ou Lyon. Certains d\u2019entre eux ont \u00e9t\u00e9 \u00e0 l\u2019origine de grandes entreprises du b\u00e2timent parmi lesquelles l\u2019entreprise Fougerolles , par exemple, devenue EIFFAGE.<\/p>\n<p>Cette tradition de b\u00e2tisseurs a conduit en 1911 \u00e0 la cr\u00e9ation \u00e0 Felletin de l\u2019Ecole des m\u00e9tiers du b\u00e2timent, aujourd\u2019hui Lyc\u00e9e, destin\u00e9e \u00e0 former aux diff\u00e9rents m\u00e9tiers du b\u00e2timent non seulement les jeunes Limousins, mais aussi les jeunes issus de toutes les r\u00e9gions de France.<\/p>\n<p>De leur migration \u00e0 travers la France, les ouvriers creusois ont acquis et perfectionn\u00e9 leurs savoir-faire dans le domaine de la construction , ce qui se traduit aujourd\u2019hui dans la qualit\u00e9 du patrimoine b\u00e2ti dont nous sommes les h\u00e9ritiers.<\/p>\n<p>Il est un autre domaine dans lequel la Creuse excelle par la qualit\u00e9 de son savoir-faire, il s\u2019agit de la tapisserie, qui vient d\u2019\u00eatre reconnue patrimoine culturel immat\u00e9riel de l\u2019humanit\u00e9 par l\u2019UNESCO. Cette reconnaissance est un atout sur lequel la communaut\u00e9 de communes Aubusson-Felletin va pouvoir s\u2019appuyer pour porter le projet de \u00ab Cit\u00e9 de la tapisserie \u00bb dont l\u2019objectif est \u00e0 la fois de redynamiser cet art textile de renomm\u00e9e mondiale et de proposer un espace d\u2019exposition plus vaste que l\u2019actuel mus\u00e9e.<\/p>\n","protected":false},"excerpt":{"rendered":"<p>Ren\u00e9e NICOUX n\u00e9e le 26 mars 1951 mari\u00e9e, trois enfants six petits enfants S\u00e9nateur de Creuse Vice-pr\u00e9sidente de la commission des affaires \u00e9conomiques , Rapporteur sur le budget de l&rsquo;agriculture, Membre de la\u00a0d\u00e9l\u00e9gation s\u00e9natoriale\u00a0aux collectivit\u00e9s territoires et \u00e0 la d\u00e9centralisation Membre de la d\u00e9l\u00e9gation \u00e0 la prospective Pr\u00e9sidente du groupe d&rsquo;\u00e9tudes sur l&rsquo;\u00e9conomie agricole et [&hellip;]<\/p>\n","protected":false},"author":9,"featured_media":0,"parent":0,"menu_order":1,"comment_status":"closed","ping_status":"closed","template":"","meta":{"footnotes":""},"class_list":["post-2","page","type-page","status-publish","hentry"],"_links":{"self":[{"href":"https:\/\/www.reneenicoux.fr\/index.php?rest_route=\/wp\/v2\/pages\/2","targetHints":{"allow":["GET"]}}],"collection":[{"href":"https:\/\/www.reneenicoux.fr\/index.php?rest_route=\/wp\/v2\/pages"}],"about":[{"href":"https:\/\/www.reneenicoux.fr\/index.php?rest_route=\/wp\/v2\/types\/page"}],"author":[{"embeddable":true,"href":"https:\/\/www.reneenicoux.fr\/index.php?rest_route=\/wp\/v2\/users\/9"}],"replies":[{"embeddable":true,"href":"https:\/\/www.reneenicoux.fr\/index.php?rest_route=%2Fwp%2Fv2%2Fcomments&post=2"}],"version-history":[{"count":58,"href":"https:\/\/www.reneenicoux.fr\/index.php?rest_route=\/wp\/v2\/pages\/2\/revisions"}],"predecessor-version":[{"id":2964,"href":"https:\/\/www.reneenicoux.fr\/index.php?rest_route=\/wp\/v2\/pages\/2\/revisions\/2964"}],"wp:attachment":[{"href":"https:\/\/www.reneenicoux.fr\/index.php?rest_route=%2Fwp%2Fv2%2Fmedia&parent=2"}],"curies":[{"name":"wp","href":"https:\/\/api.w.org\/{rel}","templated":true}]}}